{"id":7820,"date":"2026-03-13T15:13:57","date_gmt":"2026-03-13T14:13:57","guid":{"rendered":"https:\/\/www.imbv.es\/politica-de-privacitat-rgpd-i-lopdgdd\/"},"modified":"2026-03-13T16:10:47","modified_gmt":"2026-03-13T15:10:47","slug":"politica-de-privacitat","status":"publish","type":"page","link":"http:\/\/www.imbv.es\/ca\/politica-de-privacitat\/","title":{"rendered":"Pol\u00edtica de privacitat (RGPD i LOPDGDD)"},"content":{"rendered":"<h2>1. INFORMACI\u00d3 PER A L\u2019USUARI<\/h2>\n<h3>Qui \u00e9s el responsable del tractament de les teves dades personals?<\/h3>\n<p><strong>INSTITUT M\u00c8DIC BAIX VALL\u00c9S, S.L.<\/strong> \u00e9s el <strong>RESPONSABLE<\/strong> del tractament de les dades personals de l\u2019<strong>USUARI <\/strong>i l\u2019informa que aquestes dades es tractaran de conformitat amb el que disposa el <strong>Reglament (UE) 2016\/679, de 27 d\u2019abril (GDPR)<\/strong>, i la <strong>Llei Org\u00e0nica 3\/2018, de 5 de desembre (LOPDGDD).<\/strong><\/p>\n<h3>Perqu\u00e8 tractem les teves dades personals?<\/h3>\n<p>Per mantenir una relaci\u00f3 comercial amb l\u2019usuari. Les operacions previstes per fer el tractament s\u00f3n:<\/p>\n<ul>\n<li>Remesa de comunicacions comercials publicit\u00e0ries per e-mail, fax, SMS, MMS, xarxes socials o qualsevol altre mitj\u00e0 electr\u00f2nic o f\u00edsic, present o futur, que permeti efectuar comunicacions comercials. Aquestes comunicacions s\u2019han de fer per mitj\u00e0 del <strong>RESPONSABLE<\/strong> i estan relacionades amb els seus productes i serveis, o amb els seus col\u00b7laboradors o prove\u00efdors, amb els quals hagi arribat a algun acord de promoci\u00f3. En aquest cas, els tercers no tindran mai acc\u00e9s a les dades personals.<\/li>\n<li>Efectuar estudis de mercat i an\u00e0lisis estad\u00edstiques.<\/li>\n<li>Tramitar enc\u00e0rrecs de peticions, donar resposta a les consultes o qualsevol tipus de petici\u00f3 que faci l\u2019USUARI a trav\u00e9s de qualsevol de les formes de contacte que es posen a la seva disposici\u00f3 a la p\u00e0gina web del <strong>RESPONSABLE<\/strong>.<\/li>\n<li>Enviar el butllet\u00ed informatiu online, sobre novetats, ofertes i promocions en la nostra activitat.<\/li>\n<\/ul>\n<h3>Per quin motiu podem tractar les teves dades personals?<\/h3>\n<p>Perqu\u00e8 el tractament est\u00e0 legitimat per l\u2019article 6 del <strong>GDPR<\/strong> de la seg\u00fcent manera:<\/p>\n<ul>\n<li><strong>Amb el consentiment de l\u2019USUARI<\/strong>: enviament de comunicacions comercials i del butllet\u00ed informatiu.<\/li>\n<li><strong>Per inter\u00e8s leg\u00edtim del RESPONSABLE: <\/strong>efectuar estudis de mercat, an\u00e0lisis estad\u00edstiques,<br \/>etc. i tramitar enc\u00e0rrecs, sol\u00b7licituds, etc. a petici\u00f3 de l\u2019<strong>USUARI<\/strong><\/li>\n<\/ul>\n<h3>Durant quant de temps guardarem les teves dades personals?<\/h3>\n<p>Es conservaran durant no m\u00e9s temps del necessari per mantenir la finalitat del tractament o mentre hi hagi prescripcions legals que en dictaminin la cust\u00f2dia. Quan ja no sigui necessari per a aix\u00f2, se suprimiran amb mesures de seguretat adequades per garantir l\u2019anonimitzaci\u00f3 de les dades o la seva destrucci\u00f3 total.<\/p>\n<h3>A qui facilitem les teves dades personals?<\/h3>\n<p>No est\u00e0 prevista cap comunicaci\u00f3 de dades personals a tercers excepte, si fos necessari per al<br \/>desenvolupament i execuci\u00f3 de les finalitats del tractament, als nostres prove\u00efdors de serveis<br \/>relacionats amb comunicacions, amb els quals el <strong>RESPONSABLE<\/strong> ha formalitzat els contractes de<br \/>confidencialitat i d\u2019encarregat de tractament exigits per la normativa vigent de privacitat.<\/p>\n<h3>Quins s\u00f3n els teus drets?<\/h3>\n<p>Els drets que t\u00e9 l\u2019<strong>USUARI<\/strong> s\u00f3n:<\/p>\n<ul>\n<li>Dret a retirar el consentiment en qualsevol moment.<\/li>\n<li>Dret d\u2019acc\u00e9s, rectificaci\u00f3, portabilitat i supressi\u00f3 de les seves dades i de limitaci\u00f3 o oposici\u00f3 al seu tractament.<\/li>\n<li>Dret a presentar una reclamaci\u00f3 davant l\u2019Autoritat de control (<a href=\"http:\/\/www.aepd.es\/\">www.aepd.es<\/a>) si considera<br \/>que el tractament no s\u2019ajusta a la normativa vigent.<\/li>\n<\/ul>\n<h3>Dades de contacte per exerc\u00ed els seus drets:<\/h3>\n<p>INSTITUT M\u00c8DIC BAIX VALL\u00c8S, S.L.C. Gaiet\u00e0 Vinzia, 5208100 MOLLET DEL VALL\u00c8S (Barcelona)<\/p>\n<hr>\n<h2>2. CAR\u00c0CTER OBLIGATORI O FACULTATIU DE LA INFORMACI\u00d3 FACILITADA PER L\u2019USUARI<\/h2>\n<p>Els <strong>USUARIS<\/strong>, per mitj\u00e0 de les caselles corresponents i la introducci\u00f3 de dades en els camps, marcats amb l\u2019asterisc (*) en el formulari de contacte o presentats en formularis de desc\u00e0rrega, accepten expressament i de manera lliure i inequ\u00edvoca, que les seves dades s\u00f3n necess\u00e0ries per a l\u2019atenci\u00f3 de la seva petici\u00f3, per part del prestador, i que per tant la inclusi\u00f3 de les dades en els camps restants \u00e9s volunt\u00e0ria.<\/p>\n<p>L\u2019<strong>USUARI<\/strong> garanteix que les dades personals facilitades al RESPONSABLE s\u00f3n ver\u00eddiques i es fa responsable de comunicar-ne qualsevol modificaci\u00f3.<\/p>\n<p>El <strong>RESPONSABLE<\/strong> informa que totes les dades sol\u00b7licitades a trav\u00e9s del lloc web s\u00f3n obligat\u00f2ries, ja que s\u00f3n necess\u00e0ries per a la prestaci\u00f3 d\u2019un servei \u00f2ptim a l\u2019<strong>USUARI<\/strong>. En cas que no es facilitin totes les dades, no es garanteix que la informaci\u00f3 i serveis facilitats s\u2019ajustin completament a les seves necessitats.<\/p>\n<hr>\n<h2>3. MESURES DE SEGURETAT<\/h2>\n<p>Que, de conformitat amb el que estableixen les normatives vigents en protecci\u00f3 de dades personals, el <strong>RESPONSABLE<\/strong> est\u00e0 complint amb totes les disposicions de les normatives <strong>GDPR <\/strong>i <strong>LOPDGDD<\/strong> per al tractament de les dades personals de la seva responsabilitat, i manifestament amb els principis descrits a l\u2019article 5 del <strong>GDPR<\/strong>, pels quals es tracten de manera l\u00edcita, lleial i transparent en relaci\u00f3 amb l\u2019interessat i adequades, pertinents i limitades al que \u00e9s necessari en relaci\u00f3 amb les finalitats per a les quals es tracten.<\/p>\n<p>El <strong>RESPONSABLE<\/strong> garanteix que ha implementat pol\u00edtiques t\u00e8cniques i organitzatives apropiades<br \/>per aplicar les mesures de seguretat que estableixen el <strong>GDPR<\/strong> i la <strong>LOPDGDD<\/strong> per tal de protegir els<br \/>drets i llibertats dels <strong>USUARIS<\/strong> i els ha comunicat la informaci\u00f3 adequada perqu\u00e8 puguin exercirlos.<\/p>\n<p>Per a m\u00e9s informaci\u00f3 sobre les garanties de privacitat, pots dirigir-te al<strong> RESPONSABLE <\/strong>a trav\u00e9s de<\/p>\n<p><strong>INSTITUT M\u00c8DIC BAIX VALL\u00c9S, S.L.<\/strong><br \/>\nC. Gaiet\u00e0 Vinzia, 52 \u2013 08100 MOLLET DEL VALL\u00c9S (Barcelona) i a trav\u00e9s del formulari de contacte de la pr\u00f2pia web.<\/p>\n","protected":false},"excerpt":{"rendered":"<p>1. INFORMACI\u00d3 PER A L\u2019USUARI Qui \u00e9s el responsable del tractament de les teves dades personals? INSTITUT M\u00c8DIC BAIX VALL\u00c9S, S.L. \u00e9s el RESPONSABLE del tractament de les dades personals de l\u2019USUARI i l\u2019informa que aquestes dades es tractaran de conformitat amb el que disposa el Reglament (UE) 2016\/679, de 27 d\u2019abril (GDPR), i la [&#8230;]<\/p>\n<p><a class=\"btn btn-secondary understrap-read-more-link\" href=\"http:\/\/www.imbv.es\/ca\/politica-de-privacitat\/\">Continua llegint&#8230;<span class=\"screen-reader-text\"> from Pol\u00edtica de privacitat (RGPD i LOPDGDD)<\/span><\/a><\/p>\n","protected":false},"author":2,"featured_media":0,"parent":0,"menu_order":0,"comment_status":"closed","ping_status":"closed","template":"page-templates\/legal-page.php","meta":{"_acf_changed":false,"footnotes":""},"class_list":["post-7820","page","type-page","status-publish","hentry"],"acf":[],"yoast_head":"<!-- This site is optimized with the Yoast SEO plugin v27.0 - https:\/\/yoast.com\/product\/yoast-seo-wordpress\/ -->\n<title>Pol\u00edtica de privacitat (RGPD i LOPDGDD) - Institut M\u00e8dic Baix Vall\u00e8s<\/title>\n<meta name=\"robots\" content=\"noindex, nofollow\" \/>\n<meta property=\"og:locale\" content=\"ca_ES\" \/>\n<meta property=\"og:type\" content=\"article\" \/>\n<meta property=\"og:title\" content=\"Pol\u00edtica de privacitat (RGPD i LOPDGDD) - Institut M\u00e8dic Baix Vall\u00e8s\" \/>\n<meta property=\"og:description\" content=\"1. INFORMACI\u00d3 PER A L\u2019USUARI Qui \u00e9s el responsable del tractament de les teves dades personals? INSTITUT M\u00c8DIC BAIX VALL\u00c9S, S.L. \u00e9s el RESPONSABLE del tractament de les dades personals de l\u2019USUARI i l\u2019informa que aquestes dades es tractaran de conformitat amb el que disposa el Reglament (UE) 2016\/679, de 27 d\u2019abril (GDPR), i la [...]Continua llegint... from Pol\u00edtica de privacitat (RGPD i LOPDGDD)\" \/>\n<meta property=\"og:url\" content=\"http:\/\/www.imbv.es\/ca\/politica-de-privacitat\/\" \/>\n<meta property=\"og:site_name\" content=\"Institut M\u00e8dic Baix Vall\u00e8s\" \/>\n<meta property=\"article:modified_time\" content=\"2026-03-13T15:10:47+00:00\" \/>\n<meta name=\"twitter:card\" content=\"summary_large_image\" \/>\n<meta name=\"twitter:label1\" content=\"Temps estimat de lectura\" \/>\n\t<meta name=\"twitter:data1\" content=\"4 minuts\" \/>\n<script type=\"application\/ld+json\" class=\"yoast-schema-graph\">{\"@context\":\"https:\/\/schema.org\",\"@graph\":[{\"@type\":\"WebPage\",\"@id\":\"http:\/\/www.imbv.es\/ca\/politica-de-privacitat\/\",\"url\":\"http:\/\/www.imbv.es\/ca\/politica-de-privacitat\/\",\"name\":\"Pol\u00edtica de privacitat (RGPD i LOPDGDD) - Institut M\u00e8dic Baix Vall\u00e8s\",\"isPartOf\":{\"@id\":\"https:\/\/www.imbv.es\/ca\/#website\"},\"datePublished\":\"2026-03-13T14:13:57+00:00\",\"dateModified\":\"2026-03-13T15:10:47+00:00\",\"breadcrumb\":{\"@id\":\"http:\/\/www.imbv.es\/ca\/politica-de-privacitat\/#breadcrumb\"},\"inLanguage\":\"ca\",\"potentialAction\":[{\"@type\":\"ReadAction\",\"target\":[\"http:\/\/www.imbv.es\/ca\/politica-de-privacitat\/\"]}]},{\"@type\":\"BreadcrumbList\",\"@id\":\"http:\/\/www.imbv.es\/ca\/politica-de-privacitat\/#breadcrumb\",\"itemListElement\":[{\"@type\":\"ListItem\",\"position\":1,\"name\":\"Portada\",\"item\":\"http:\/\/www.imbv.es\/ca\/\"},{\"@type\":\"ListItem\",\"position\":2,\"name\":\"Pol\u00edtica de privacitat (RGPD i LOPDGDD)\"}]},{\"@type\":\"WebSite\",\"@id\":\"https:\/\/www.imbv.es\/ca\/#website\",\"url\":\"https:\/\/www.imbv.es\/ca\/\",\"name\":\"IMBV\",\"description\":\"Centro m\u00e9dico IMBV en Mollet del Vall\u00e8s\",\"publisher\":{\"@id\":\"https:\/\/www.imbv.es\/ca\/#organization\"},\"potentialAction\":[{\"@type\":\"SearchAction\",\"target\":{\"@type\":\"EntryPoint\",\"urlTemplate\":\"https:\/\/www.imbv.es\/ca\/?s={search_term_string}\"},\"query-input\":{\"@type\":\"PropertyValueSpecification\",\"valueRequired\":true,\"valueName\":\"search_term_string\"}}],\"inLanguage\":\"ca\"},{\"@type\":\"Organization\",\"@id\":\"https:\/\/www.imbv.es\/ca\/#organization\",\"name\":\"Institut m\u00e8dic baix vall\u00e8s\",\"url\":\"https:\/\/www.imbv.es\/ca\/\",\"logo\":{\"@type\":\"ImageObject\",\"inLanguage\":\"ca\",\"@id\":\"https:\/\/www.imbv.es\/ca\/#\/schema\/logo\/image\/\",\"url\":\"http:\/\/imbv.es\/wp-content\/uploads\/2024\/02\/image-FR9zhBDai-transformed-e1708339638210.png\",\"contentUrl\":\"http:\/\/imbv.es\/wp-content\/uploads\/2024\/02\/image-FR9zhBDai-transformed-e1708339638210.png\",\"width\":460,\"height\":278,\"caption\":\"Institut m\u00e8dic baix vall\u00e8s\"},\"image\":{\"@id\":\"https:\/\/www.imbv.es\/ca\/#\/schema\/logo\/image\/\"}}]}<\/script>\n<!-- \/ Yoast SEO plugin. -->","yoast_head_json":{"title":"Pol\u00edtica de privacitat (RGPD i LOPDGDD) - Institut M\u00e8dic Baix Vall\u00e8s","robots":{"index":"noindex","follow":"nofollow"},"og_locale":"ca_ES","og_type":"article","og_title":"Pol\u00edtica de privacitat (RGPD i LOPDGDD) - Institut M\u00e8dic Baix Vall\u00e8s","og_description":"1. INFORMACI\u00d3 PER A L\u2019USUARI Qui \u00e9s el responsable del tractament de les teves dades personals? INSTITUT M\u00c8DIC BAIX VALL\u00c9S, S.L. \u00e9s el RESPONSABLE del tractament de les dades personals de l\u2019USUARI i l\u2019informa que aquestes dades es tractaran de conformitat amb el que disposa el Reglament (UE) 2016\/679, de 27 d\u2019abril (GDPR), i la [...]Continua llegint... from Pol\u00edtica de privacitat (RGPD i LOPDGDD)","og_url":"http:\/\/www.imbv.es\/ca\/politica-de-privacitat\/","og_site_name":"Institut M\u00e8dic Baix Vall\u00e8s","article_modified_time":"2026-03-13T15:10:47+00:00","twitter_card":"summary_large_image","twitter_misc":{"Temps estimat de lectura":"4 minuts"},"schema":{"@context":"https:\/\/schema.org","@graph":[{"@type":"WebPage","@id":"http:\/\/www.imbv.es\/ca\/politica-de-privacitat\/","url":"http:\/\/www.imbv.es\/ca\/politica-de-privacitat\/","name":"Pol\u00edtica de privacitat (RGPD i LOPDGDD) - Institut M\u00e8dic Baix Vall\u00e8s","isPartOf":{"@id":"https:\/\/www.imbv.es\/ca\/#website"},"datePublished":"2026-03-13T14:13:57+00:00","dateModified":"2026-03-13T15:10:47+00:00","breadcrumb":{"@id":"http:\/\/www.imbv.es\/ca\/politica-de-privacitat\/#breadcrumb"},"inLanguage":"ca","potentialAction":[{"@type":"ReadAction","target":["http:\/\/www.imbv.es\/ca\/politica-de-privacitat\/"]}]},{"@type":"BreadcrumbList","@id":"http:\/\/www.imbv.es\/ca\/politica-de-privacitat\/#breadcrumb","itemListElement":[{"@type":"ListItem","position":1,"name":"Portada","item":"http:\/\/www.imbv.es\/ca\/"},{"@type":"ListItem","position":2,"name":"Pol\u00edtica de privacitat (RGPD i LOPDGDD)"}]},{"@type":"WebSite","@id":"https:\/\/www.imbv.es\/ca\/#website","url":"https:\/\/www.imbv.es\/ca\/","name":"IMBV","description":"Centro m\u00e9dico IMBV en Mollet del Vall\u00e8s","publisher":{"@id":"https:\/\/www.imbv.es\/ca\/#organization"},"potentialAction":[{"@type":"SearchAction","target":{"@type":"EntryPoint","urlTemplate":"https:\/\/www.imbv.es\/ca\/?s={search_term_string}"},"query-input":{"@type":"PropertyValueSpecification","valueRequired":true,"valueName":"search_term_string"}}],"inLanguage":"ca"},{"@type":"Organization","@id":"https:\/\/www.imbv.es\/ca\/#organization","name":"Institut m\u00e8dic baix vall\u00e8s","url":"https:\/\/www.imbv.es\/ca\/","logo":{"@type":"ImageObject","inLanguage":"ca","@id":"https:\/\/www.imbv.es\/ca\/#\/schema\/logo\/image\/","url":"http:\/\/imbv.es\/wp-content\/uploads\/2024\/02\/image-FR9zhBDai-transformed-e1708339638210.png","contentUrl":"http:\/\/imbv.es\/wp-content\/uploads\/2024\/02\/image-FR9zhBDai-transformed-e1708339638210.png","width":460,"height":278,"caption":"Institut m\u00e8dic baix vall\u00e8s"},"image":{"@id":"https:\/\/www.imbv.es\/ca\/#\/schema\/logo\/image\/"}}]}},"_links":{"self":[{"href":"http:\/\/www.imbv.es\/ca\/wp-json\/wp\/v2\/pages\/7820","targetHints":{"allow":["GET"]}}],"collection":[{"href":"http:\/\/www.imbv.es\/ca\/wp-json\/wp\/v2\/pages"}],"about":[{"href":"http:\/\/www.imbv.es\/ca\/wp-json\/wp\/v2\/types\/page"}],"author":[{"embeddable":true,"href":"http:\/\/www.imbv.es\/ca\/wp-json\/wp\/v2\/users\/2"}],"replies":[{"embeddable":true,"href":"http:\/\/www.imbv.es\/ca\/wp-json\/wp\/v2\/comments?post=7820"}],"version-history":[{"count":1,"href":"http:\/\/www.imbv.es\/ca\/wp-json\/wp\/v2\/pages\/7820\/revisions"}],"predecessor-version":[{"id":7825,"href":"http:\/\/www.imbv.es\/ca\/wp-json\/wp\/v2\/pages\/7820\/revisions\/7825"}],"wp:attachment":[{"href":"http:\/\/www.imbv.es\/ca\/wp-json\/wp\/v2\/media?parent=7820"}],"curies":[{"name":"wp","href":"https:\/\/api.w.org\/{rel}","templated":true}]}}