{"id":7814,"date":"2026-03-13T15:18:58","date_gmt":"2026-03-13T14:18:58","guid":{"rendered":"https:\/\/www.imbv.es\/politica-de-cookies\/"},"modified":"2026-03-13T15:46:41","modified_gmt":"2026-03-13T14:46:41","slug":"politica-de-cookies","status":"publish","type":"page","link":"http:\/\/www.imbv.es\/ca\/politica-de-cookies\/","title":{"rendered":"Pol\u00edtica de cookies"},"content":{"rendered":"<h2>INFORMACI\u00d3 SOBRE COOKIES<\/h2>\n<p>D\u2019acord amb la <strong>Llei 34\/2002, de 11 de juliol, de serveis de la societat de la informaci\u00f3 i de comer\u00e7 electr\u00f2nic (LSSI)<\/strong>, en relaci\u00f3 amb el <strong>Reglament (UE) 2016\/679 de el Parlament Europeu i de Consell, de 27 de abril de 2016, General de Protecci\u00f3 de Dades (GDPR)<\/strong> i la <strong>Llei Org\u00e0nica 3\/2018, de 5 de desembre, de Protecci\u00f3 de Dades i Garantia dels Drets Digitals (LOPDGDD)<\/strong>, \u00e9s obligat obtenir el consentiment expr\u00e9s de l\u2019usuari de totes les p\u00e0gines web que fan servir cookies prescindibles, abans que aquest navegui per elles.<\/p>\n<hr>\n<h2>QU\u00c8 S\u00d3N LES COOKIES?<\/h2>\n<p>Les cookies i altres tecnologies similars com ara<strong> local shared objects, flash cookies o p\u00edxels<\/strong>, s\u00f3n eines emprades pels servidors Web per emmagatzemar i recuperar informaci\u00f3 sobre els seus visitants, aix\u00ed com per oferir un correcte funcionament del lloc.<\/p>\n<p>Mitjan\u00e7ant l\u2019\u00fas d\u2019aquests dispositius es permet al servidor Web recordar algunes dades referents<br \/>a l\u2019usuari, com les seves prefer\u00e8ncies per a la visualitzaci\u00f3 de les p\u00e0gines d\u2019aquest servidor, nom<br \/>i contrasenya, productes que m\u00e9s li interessen, etc.<\/p>\n<hr>\n<h2>COOKIES AFECTADES PER LA NORMATIVA I COOKIES EXCEPTUADES<\/h2>\n<p>Segons la directiva de la UE, les cookies que requereixen el consentiment informat per part de l\u2019usuari s\u00f3n <strong>les cookies anal\u00edtiques i les de publicitat i afiliaci\u00f3<\/strong>, i queden exceptuades <strong>les de car\u00e0cter t\u00e8cnic i les necess\u00e0ries per al funcionament del lloc web o la prestaci\u00f3 de serveis expressament sol\u00b7licitats per l\u2019usuari.<\/strong> <\/p>\n<hr>\n<h2>TIPUS DE COOKIES<\/h2>\n<h3>SEGONS LA FINALITAT<\/h3>\n<p><strong>Cookies t\u00e8cniques i funcionals<\/strong><br \/>\nS\u00f3n les que permeten a l\u2019usuari navegar a trav\u00e9s d\u2019una p\u00e0gina web, plataforma o aplicaci\u00f3 i utilitzar les diferents opcions o serveis que hi hagi.<\/p>\n<p><strong>Cookies d\u2019an\u00e0lisi<\/strong><br \/>\nS\u00f3n les que permeten al responsable d\u2019aquestes monitoritzar i analitzar el comportament dels usuaris dels llocs web als quals estan vinculats. La informaci\u00f3 recollida mitjan\u00e7ant aquest tipus de cookies s\u2019utilitza en el mesurament de l\u2019activitat dels llocs web, aplicaci\u00f3 o plataforma i per elaborar perfils de navegaci\u00f3 dels usuaris d\u2019aquests llocs, aplicacions i plataformes, per tal d\u2019introduir millores en funci\u00f3 de l\u2019an\u00e0lisi de les dades d\u2019\u00fas que fan els usuaris del servei. <\/p>\n<p><strong>Cookies publicit\u00e0ries<\/strong><br \/>\ns\u00f3n aquelles que permeten gestionar, de la manera m\u00e9s efica\u00e7 possible, els espais publicitaris que, si escau, l\u2019editor hagi incl\u00f2s en una p\u00e0gina web, aplicaci\u00f3 o plataforma des de la qual presta el servei sol\u00b7licitat segons criteris com el contingut editat o la freq\u00fc\u00e8ncia en qu\u00e8 es mostren els anuncis.<\/p>\n<p><strong>Cookies de publicitat comportamental<\/strong><br \/>\nrecullen informaci\u00f3 sobre les prefer\u00e8ncies i eleccions personals de l\u2019usuari (retargeting) per permetre gestionar, de la manera m\u00e9s efica\u00e7 possible, els espais publicitaris que, si escau, l\u2019editor hagi incl\u00f2s en una p\u00e0gina web, aplicaci\u00f3 o plataforma des de la qual presta el servei sol\u00b7licitat.<\/p>\n<p><strong>Cookies socials<\/strong><br \/>\nS\u00f3n aquelles que han estat instal\u00b7lades per les plataformes de xarxes socials en els serveis per permetre-us compartir contingut amb els vostres amics i xarxes. Les plataformes de mitjans socials tenen la capacitat de rastrejar la vostra activitat en l\u00ednia fora dels Serveis. Aix\u00f2 pot afectar el contingut i els missatges que veieu en altres serveis que visiteu.  <\/p>\n<p><strong>Cookies d\u2019afiliats<\/strong><br \/>\nPermeten fer un seguiment de les visites procedents d\u2019altres webs, amb les quals el lloc web estableix un contracte d\u2019afiliaci\u00f3 (empreses d\u2019afiliaci\u00f3).<\/p>\n<p><strong>Cookies de seguretat<\/strong><br \/>\nEmmagatzemen informaci\u00f3 xifrada per evitar que les dades que s\u2019hi guarden siguin vulnerables a atacs maliciosos de tercers<\/p>\n<hr>\n<h3>SEGONS LA PROPIETAT<\/h3>\n<p><strong>Cookies pr\u00f2pies<\/strong><br \/>\nS\u00f3n les que s\u2019envien a l\u2019equip terminal de l\u2019usuari des d\u2019un equip o domini gestionat pel propi editor i des del qual es proporciona el servei sol\u00b7licitat per l\u2019usuari.<\/p>\n<p><strong>Cookies de terceros<\/strong><br \/>\nSon aquellas que se env\u00edan al equipo terminal del usuario desde un equipo o dominio que no es gestionado por el editor, sino por otra entidad que trata los datos obtenidos mediante las cookies.<\/p>\n<hr>\n<h3>SEGONS EL TERMINI DE CONSERVACI\u00d3<\/h3>\n<p><strong>Cookies de sessi\u00f3<\/strong><br \/>\ns\u00f3n un tipus de cookies dissenyades per obtenir i emmagatzemar dades mentre l\u2019usuari accedeix a una p\u00e0gina web.<\/p>\n<p><strong>Cookies persistents<\/strong><br \/>\nS\u00f3n un tipus de cookies en qu\u00e8 les dades segueixen emmagatzemades en el terminal i poden ser accedides i tractades durant un per\u00edode definit pel responsable de la cookies, i que durar des d\u2019uns minuts a diversos anys.<\/p>\n<hr>\n<h2>TRACTAMENT DE DADES PERSONALS<\/h2>\n<p><strong>INSTITUT M\u00c8DIC BAIX VALL\u00c9S, S.L.<\/strong> \u00e9s el Responsable del tractament de les dades personals de l\u2019<strong>Interessat<\/strong> i l\u2019informa que aquestes dades es tractaran de conformitat amb el que estableix el <strong>Reglament (UE) 2016\/679, de 27 d\u2019abril de 2016 (GDPR)<\/strong>, per la qual cosa se li facilita la seg\u00fcent informaci\u00f3 del tractament:<\/p>\n<p><strong>Finalitats del tractament:<\/strong> segons s&#8217;especifica a l&#8217;apartat de galetes utilitzades en aquest lloc web.<\/p>\n<p><strong>Legitimaci\u00f3 del tractament:<\/strong> excepte en els casos en qu\u00e8 resulti necessari per a la navegaci\u00f3 per la web, per consentiment de l&#8217;interessat (art. 6.1.a GDPR).<\/p>\n<p><strong>Criteris de conservaci\u00f3 de les dades:<\/strong> segons s&#8217;especifica a l&#8217;apartat de galetes utilitzades al lloc web.<\/p>\n<p><strong>Comunicaci\u00f3 de les dades:<\/strong> no es comunicaran les dades a tercers, excepte en cookies propietat<br \/>de tercers o per obligaci\u00f3 legal.<\/p>\n<hr>\n<h2>DRETS QUE T\u00c9 L&#8217;INTERESSAT:<\/h2>\n<ul>\n<li>Dret a retirar el consentiment en qualsevol moment.<\/li>\n<li>Dret d\u2019acc\u00e9s, rectificaci\u00f3, portabilitat i supressi\u00f3 de les seves dades i de limitaci\u00f3 o oposici\u00f3 al seu tractament.<\/li>\n<li>Dret a presentar una reclamaci\u00f3 davant l\u2019Autoritat de control (<a href=\"http:\/\/www.aepd.es\/\">www.aepd.es<\/a>) si considera<br \/>que el tractament no s\u2019ajusta a la normativa vigent.<\/li>\n<\/ul>\n<p><strong>Dades de contacte per exercir els seus drets:<\/strong><\/p>\n<p>INSTITUT M\u00c8DIC BAIX VALL\u00c8S, S.L.<br \/>\nC. Gaiet\u00e0 Vinzia, 52<br \/>\n08100 MOLLET DEL VALL\u00c8S (Barcelona)<\/p>\n<p>i a traves del formulari de contacte de la pr\u00f2pia web.<\/p>\n<hr>\n<h2>COOKIES UTILITZADES EN AQUEST LLOC WEB<\/h2>\n<h3>COOKIES CONTROLADES PER L\u2019EDITOR<\/h3>\n<hr>\n<h3>COOKIES DE TERCERS<\/h3>\n<p>Els serveis de tercers s\u00f3n aliens al control de l\u2019editor. Els prove\u00efdors poden modificar en qualsevol moment les seves condicions de servei, finalitat i \u00fas de les cookies, etc. <\/p>\n<div class=\"cky-audit-table-element\"><\/div>\n<h2>PANELL DE CONFIGURACI\u00d3 DE COOKIES<\/h2>\n<p>Des d&#8217;aquest panell podeu configurar les galetes que el lloc web pot instal\u00b7lar al vostre navegador, excepte les galetes t\u00e8cniques o funcionals que s\u00f3n necess\u00e0ries per a la navegaci\u00f3 i la utilitzaci\u00f3 de les diferents opcions o serveis que s&#8217;ofereixen. <a class=\"cky-banner-element\">Configuraci\u00f3 de Cookies<\/a><\/p>\n<p>&nbsp;<\/p>\n<p><strong>Obtener m\u00e1s informaci\u00f3n para desactivar las cookies de Google Analytics:<\/strong><\/p>\n<ul>\n<li><a href=\"https:\/\/policies.google.com\/technologies\/managing\">https:\/\/policies.google.com\/technologies\/managing<\/a><\/li>\n<li><a href=\"https:\/\/support.google.com\/analytics\/answer\/181881?hl=es\">https:\/\/support.google.com\/analytics\/answer\/181881?hl=es<\/a><\/li>\n<\/ul>\n<hr>\n<h2>COM GESTIONAR LAS COOKIES DES DEEL NAVEGADOR<\/h2>\n<h3>Eliminar les cookies del dispositiu<\/h3>\n<p>Les cookies que ja es troben en un dispositiu es poden eliminar esborrant l\u2019historial del navegador, de manera que se suprimeixen les cookies de tots els llocs web visitats.<\/p>\n<p>No obstant aix\u00f2, tamb\u00e9 es pot perdre part de la informaci\u00f3 desada (per exemple, les dades d\u2019inici de sessi\u00f3 o les prefer\u00e8ncies de lloc web).<\/p>\n<h3>Gestionar les cookies espec\u00edfiques del lloc<\/h3>\n<p>Per tenir un control m\u00e9s prec\u00eds de les cookies espec\u00edfiques de cada lloc, els usuaris<br \/>poden ajustar la seva configuraci\u00f3 de privacitat i cookies al navegador.<\/p>\n<p>&nbsp;<\/p>\n<h3>Bloquejar les cookies<\/h3>\n<p>Encara que la majoria dels navegadors moderns es poden configurar per evitar que s\u2019instal\u00b7lin cookies en els dispositius, aix\u00f2 pot obligar a ajustar manualment determinades prefer\u00e8ncies cada vegada que es visiti un lloc o p\u00e0gina. A m\u00e9s, alguns serveis i caracter\u00edstiques poden no funcionar correctament (per exemple, els inicis de sessi\u00f3 amb perfil). <\/p>\n<hr>\n<h2>COM ELIMINAR LES COOKIES DELS NAVEGADORS M\u00c9S COMUNS<\/h2>\n<p><strong>Chrome:<\/strong><br \/>\n<a href=\"http:\/\/support.google.com\/chrome\/answer\/95647?hl=es\">http:\/\/support.google.com\/chrome\/answer\/95647?hl=es<\/a><\/p>\n<p><strong>Edge:<\/strong><br \/>\n<a href=\"https:\/\/support.microsoft.com\/es-es\/microsoft-edge\/eliminar-las-cookies-en-microsoft-edge-63947406-40ac-c3b8-57b9-2a946a29ae09\">https:\/\/support.microsoft.com\/es-es\/microsoft-edge\/eliminar-las-cookies-en-microsoft-edge-63947406-40ac-c3b8-57b9-2a946a29ae09<\/a><\/p>\n<p><strong>Firefox:<\/strong><br \/>\n<a href=\"https:\/\/www.mozilla.org\/es-ES\/privacy\/websites\/#cookie\">https:\/\/www.mozilla.org\/es-ES\/privacy\/websites\/#cookie<\/a><\/p>\n<p><strong>Safari:<\/strong><br \/>\n<a href=\"https:\/\/support.apple.com\/es-es\/guide\/safari\/sfri11471\/mac\">https:\/\/support.apple.com\/es-es\/guide\/safari\/sfri11471\/mac<\/a><\/p>\n<p><strong>Opera:<\/strong><br \/>\n<a href=\"https:\/\/help.opera.com\/en\/latest\/security-and-privacy\/#clearBrowsingData\">https:\/\/help.opera.com\/en\/latest\/security-and-privacy\/#clearBrowsingData<\/a><\/p>\n","protected":false},"excerpt":{"rendered":"<p>INFORMACI\u00d3 SOBRE COOKIES D\u2019acord amb la Llei 34\/2002, de 11 de juliol, de serveis de la societat de la informaci\u00f3 i de comer\u00e7 electr\u00f2nic (LSSI), en relaci\u00f3 amb el Reglament (UE) 2016\/679 de el Parlament Europeu i de Consell, de 27 de abril de 2016, General de Protecci\u00f3 de Dades (GDPR) i la Llei Org\u00e0nica [&#8230;]<\/p>\n<p><a class=\"btn btn-secondary understrap-read-more-link\" href=\"http:\/\/www.imbv.es\/ca\/politica-de-cookies\/\">Continua llegint&#8230;<span class=\"screen-reader-text\"> from Pol\u00edtica de cookies<\/span><\/a><\/p>\n","protected":false},"author":2,"featured_media":0,"parent":0,"menu_order":0,"comment_status":"closed","ping_status":"closed","template":"page-templates\/legal-page.php","meta":{"_acf_changed":false,"footnotes":""},"class_list":["post-7814","page","type-page","status-publish","hentry"],"acf":[],"yoast_head":"<!-- This site is optimized with the Yoast SEO plugin v27.0 - https:\/\/yoast.com\/product\/yoast-seo-wordpress\/ -->\n<title>Pol\u00edtica de cookies - Institut M\u00e8dic Baix Vall\u00e8s<\/title>\n<meta name=\"robots\" content=\"noindex, nofollow\" \/>\n<meta property=\"og:locale\" content=\"ca_ES\" \/>\n<meta property=\"og:type\" content=\"article\" \/>\n<meta property=\"og:title\" content=\"Pol\u00edtica de cookies - Institut M\u00e8dic Baix Vall\u00e8s\" \/>\n<meta property=\"og:description\" content=\"INFORMACI\u00d3 SOBRE COOKIES D\u2019acord amb la Llei 34\/2002, de 11 de juliol, de serveis de la societat de la informaci\u00f3 i de comer\u00e7 electr\u00f2nic (LSSI), en relaci\u00f3 amb el Reglament (UE) 2016\/679 de el Parlament Europeu i de Consell, de 27 de abril de 2016, General de Protecci\u00f3 de Dades (GDPR) i la Llei Org\u00e0nica [...]Continua llegint... from Pol\u00edtica de cookies\" \/>\n<meta property=\"og:url\" content=\"http:\/\/www.imbv.es\/ca\/politica-de-cookies\/\" \/>\n<meta property=\"og:site_name\" content=\"Institut M\u00e8dic Baix Vall\u00e8s\" \/>\n<meta property=\"article:modified_time\" content=\"2026-03-13T14:46:41+00:00\" \/>\n<meta name=\"twitter:card\" content=\"summary_large_image\" \/>\n<meta name=\"twitter:label1\" content=\"Temps estimat de lectura\" \/>\n\t<meta name=\"twitter:data1\" content=\"7 minuts\" \/>\n<script type=\"application\/ld+json\" class=\"yoast-schema-graph\">{\"@context\":\"https:\/\/schema.org\",\"@graph\":[{\"@type\":\"WebPage\",\"@id\":\"http:\/\/www.imbv.es\/ca\/politica-de-cookies\/\",\"url\":\"http:\/\/www.imbv.es\/ca\/politica-de-cookies\/\",\"name\":\"Pol\u00edtica de cookies - Institut M\u00e8dic Baix Vall\u00e8s\",\"isPartOf\":{\"@id\":\"https:\/\/www.imbv.es\/ca\/#website\"},\"datePublished\":\"2026-03-13T14:18:58+00:00\",\"dateModified\":\"2026-03-13T14:46:41+00:00\",\"breadcrumb\":{\"@id\":\"http:\/\/www.imbv.es\/ca\/politica-de-cookies\/#breadcrumb\"},\"inLanguage\":\"ca\",\"potentialAction\":[{\"@type\":\"ReadAction\",\"target\":[\"http:\/\/www.imbv.es\/ca\/politica-de-cookies\/\"]}]},{\"@type\":\"BreadcrumbList\",\"@id\":\"http:\/\/www.imbv.es\/ca\/politica-de-cookies\/#breadcrumb\",\"itemListElement\":[{\"@type\":\"ListItem\",\"position\":1,\"name\":\"Portada\",\"item\":\"http:\/\/www.imbv.es\/ca\/\"},{\"@type\":\"ListItem\",\"position\":2,\"name\":\"Pol\u00edtica de cookies\"}]},{\"@type\":\"WebSite\",\"@id\":\"https:\/\/www.imbv.es\/ca\/#website\",\"url\":\"https:\/\/www.imbv.es\/ca\/\",\"name\":\"IMBV\",\"description\":\"Centro m\u00e9dico IMBV en Mollet del Vall\u00e8s\",\"publisher\":{\"@id\":\"https:\/\/www.imbv.es\/ca\/#organization\"},\"potentialAction\":[{\"@type\":\"SearchAction\",\"target\":{\"@type\":\"EntryPoint\",\"urlTemplate\":\"https:\/\/www.imbv.es\/ca\/?s={search_term_string}\"},\"query-input\":{\"@type\":\"PropertyValueSpecification\",\"valueRequired\":true,\"valueName\":\"search_term_string\"}}],\"inLanguage\":\"ca\"},{\"@type\":\"Organization\",\"@id\":\"https:\/\/www.imbv.es\/ca\/#organization\",\"name\":\"Institut m\u00e8dic baix vall\u00e8s\",\"url\":\"https:\/\/www.imbv.es\/ca\/\",\"logo\":{\"@type\":\"ImageObject\",\"inLanguage\":\"ca\",\"@id\":\"https:\/\/www.imbv.es\/ca\/#\/schema\/logo\/image\/\",\"url\":\"http:\/\/imbv.es\/wp-content\/uploads\/2024\/02\/image-FR9zhBDai-transformed-e1708339638210.png\",\"contentUrl\":\"http:\/\/imbv.es\/wp-content\/uploads\/2024\/02\/image-FR9zhBDai-transformed-e1708339638210.png\",\"width\":460,\"height\":278,\"caption\":\"Institut m\u00e8dic baix vall\u00e8s\"},\"image\":{\"@id\":\"https:\/\/www.imbv.es\/ca\/#\/schema\/logo\/image\/\"}}]}<\/script>\n<!-- \/ Yoast SEO plugin. -->","yoast_head_json":{"title":"Pol\u00edtica de cookies - Institut M\u00e8dic Baix Vall\u00e8s","robots":{"index":"noindex","follow":"nofollow"},"og_locale":"ca_ES","og_type":"article","og_title":"Pol\u00edtica de cookies - Institut M\u00e8dic Baix Vall\u00e8s","og_description":"INFORMACI\u00d3 SOBRE COOKIES D\u2019acord amb la Llei 34\/2002, de 11 de juliol, de serveis de la societat de la informaci\u00f3 i de comer\u00e7 electr\u00f2nic (LSSI), en relaci\u00f3 amb el Reglament (UE) 2016\/679 de el Parlament Europeu i de Consell, de 27 de abril de 2016, General de Protecci\u00f3 de Dades (GDPR) i la Llei Org\u00e0nica [...]Continua llegint... from Pol\u00edtica de cookies","og_url":"http:\/\/www.imbv.es\/ca\/politica-de-cookies\/","og_site_name":"Institut M\u00e8dic Baix Vall\u00e8s","article_modified_time":"2026-03-13T14:46:41+00:00","twitter_card":"summary_large_image","twitter_misc":{"Temps estimat de lectura":"7 minuts"},"schema":{"@context":"https:\/\/schema.org","@graph":[{"@type":"WebPage","@id":"http:\/\/www.imbv.es\/ca\/politica-de-cookies\/","url":"http:\/\/www.imbv.es\/ca\/politica-de-cookies\/","name":"Pol\u00edtica de cookies - Institut M\u00e8dic Baix Vall\u00e8s","isPartOf":{"@id":"https:\/\/www.imbv.es\/ca\/#website"},"datePublished":"2026-03-13T14:18:58+00:00","dateModified":"2026-03-13T14:46:41+00:00","breadcrumb":{"@id":"http:\/\/www.imbv.es\/ca\/politica-de-cookies\/#breadcrumb"},"inLanguage":"ca","potentialAction":[{"@type":"ReadAction","target":["http:\/\/www.imbv.es\/ca\/politica-de-cookies\/"]}]},{"@type":"BreadcrumbList","@id":"http:\/\/www.imbv.es\/ca\/politica-de-cookies\/#breadcrumb","itemListElement":[{"@type":"ListItem","position":1,"name":"Portada","item":"http:\/\/www.imbv.es\/ca\/"},{"@type":"ListItem","position":2,"name":"Pol\u00edtica de cookies"}]},{"@type":"WebSite","@id":"https:\/\/www.imbv.es\/ca\/#website","url":"https:\/\/www.imbv.es\/ca\/","name":"IMBV","description":"Centro m\u00e9dico IMBV en Mollet del Vall\u00e8s","publisher":{"@id":"https:\/\/www.imbv.es\/ca\/#organization"},"potentialAction":[{"@type":"SearchAction","target":{"@type":"EntryPoint","urlTemplate":"https:\/\/www.imbv.es\/ca\/?s={search_term_string}"},"query-input":{"@type":"PropertyValueSpecification","valueRequired":true,"valueName":"search_term_string"}}],"inLanguage":"ca"},{"@type":"Organization","@id":"https:\/\/www.imbv.es\/ca\/#organization","name":"Institut m\u00e8dic baix vall\u00e8s","url":"https:\/\/www.imbv.es\/ca\/","logo":{"@type":"ImageObject","inLanguage":"ca","@id":"https:\/\/www.imbv.es\/ca\/#\/schema\/logo\/image\/","url":"http:\/\/imbv.es\/wp-content\/uploads\/2024\/02\/image-FR9zhBDai-transformed-e1708339638210.png","contentUrl":"http:\/\/imbv.es\/wp-content\/uploads\/2024\/02\/image-FR9zhBDai-transformed-e1708339638210.png","width":460,"height":278,"caption":"Institut m\u00e8dic baix vall\u00e8s"},"image":{"@id":"https:\/\/www.imbv.es\/ca\/#\/schema\/logo\/image\/"}}]}},"_links":{"self":[{"href":"http:\/\/www.imbv.es\/ca\/wp-json\/wp\/v2\/pages\/7814","targetHints":{"allow":["GET"]}}],"collection":[{"href":"http:\/\/www.imbv.es\/ca\/wp-json\/wp\/v2\/pages"}],"about":[{"href":"http:\/\/www.imbv.es\/ca\/wp-json\/wp\/v2\/types\/page"}],"author":[{"embeddable":true,"href":"http:\/\/www.imbv.es\/ca\/wp-json\/wp\/v2\/users\/2"}],"replies":[{"embeddable":true,"href":"http:\/\/www.imbv.es\/ca\/wp-json\/wp\/v2\/comments?post=7814"}],"version-history":[{"count":1,"href":"http:\/\/www.imbv.es\/ca\/wp-json\/wp\/v2\/pages\/7814\/revisions"}],"predecessor-version":[{"id":7819,"href":"http:\/\/www.imbv.es\/ca\/wp-json\/wp\/v2\/pages\/7814\/revisions\/7819"}],"wp:attachment":[{"href":"http:\/\/www.imbv.es\/ca\/wp-json\/wp\/v2\/media?parent=7814"}],"curies":[{"name":"wp","href":"https:\/\/api.w.org\/{rel}","templated":true}]}}